{"id":724,"date":"2021-06-05T13:14:29","date_gmt":"2021-06-05T16:14:29","guid":{"rendered":"https:\/\/circuitolocal.cestaagroecologica.com.br\/?post_type=product&#038;p=724"},"modified":"2021-08-24T07:28:40","modified_gmt":"2021-08-24T10:28:40","slug":"oximel-com-acafrao-250ml","status":"publish","type":"product","link":"https:\/\/circuitolocal.cestaagroecologica.com.br\/index.php\/produto\/oximel-com-acafrao-250ml\/","title":{"rendered":"Oxymel com a\u00e7afr\u00e3o (250ml)"},"content":{"rendered":"<p><i>Oximel<\/i><\/p>\n<p>Oximel \u00e9 um elixir preparado como o melito. Mas ao inv\u00e9s de unirmos o mel \u00e0s ervas, frutas ou rizomas, ele \u00e9 associado ao vinagre de ma\u00e7\u00e3, dando origem ao Oximel, um elixir milenar, cuja origem \u00e9 desconhecida.<\/p>\n<p>Atrav\u00e9s de um longo processo, o mel \u00e9 colocado em circula\u00e7\u00e3o por 2 ou 3 meses com o vinagre, tornando-o quase um licor!<\/p>\n<p>O Oximel une o doce do mel \u00e0 acidez do vinagre de ma\u00e7\u00e3, podendo ser empregado nas saladas, marinadas e, se dilu\u00eddo em \u00e1gua gaseificada, tamb\u00e9m como uma bebida refrescante. Ao ser ingerido pela manh\u00e3 em jejum, meia hora antes do caf\u00e9 da manh\u00e3, promove uma desintoxica\u00e7\u00e3o no organismo.<\/p>\n<p>O Oximel atravessou os s\u00e9culos, sendo sempre considerado como um estimulante do aparelho digestivo e desobstrutor das vias respirat\u00f3rias.<\/p>\n<p>O Oximel, quando associado ao a\u00e7afr\u00e3o da terra, tem o seu efeito potencializado, pois em um \u00fanico produto temos os benef\u00edcios do mel, do vinagre e da c\u00farcuma.<\/p>\n","protected":false},"excerpt":{"rendered":"<p>Oximel \u00e9 um preparado com mel e vinagre de ma\u00e7\u00e3, dando origem ao Oximel, um elixir milenar, cuja origem \u00e9 desconhecida.<\/p>\n","protected":false},"featured_media":723,"comment_status":"open","ping_status":"closed","template":"","meta":[],"product_brand":[],"product_cat":[266],"product_tag":[272,190,101,267,274,275],"class_list":{"0":"post-724","1":"product","2":"type-product","3":"status-publish","4":"has-post-thumbnail","6":"product_cat-agracademaria","7":"product_tag-a-graca-de-maria","8":"product_tag-acafrao","9":"product_tag-medicinais","10":"product_tag-mel","11":"product_tag-oximel","12":"product_tag-vinagre","14":"first","15":"outofstock","16":"featured","17":"shipping-taxable","18":"product-type-simple"},"_links":{"self":[{"href":"https:\/\/circuitolocal.cestaagroecologica.com.br\/index.php\/wp-json\/wp\/v2\/product\/724","targetHints":{"allow":["GET"]}}],"collection":[{"href":"https:\/\/circuitolocal.cestaagroecologica.com.br\/index.php\/wp-json\/wp\/v2\/product"}],"about":[{"href":"https:\/\/circuitolocal.cestaagroecologica.com.br\/index.php\/wp-json\/wp\/v2\/types\/product"}],"replies":[{"embeddable":true,"href":"https:\/\/circuitolocal.cestaagroecologica.com.br\/index.php\/wp-json\/wp\/v2\/comments?post=724"}],"wp:featuredmedia":[{"embeddable":true,"href":"https:\/\/circuitolocal.cestaagroecologica.com.br\/index.php\/wp-json\/wp\/v2\/media\/723"}],"wp:attachment":[{"href":"https:\/\/circuitolocal.cestaagroecologica.com.br\/index.php\/wp-json\/wp\/v2\/media?parent=724"}],"wp:term":[{"taxonomy":"product_brand","embeddable":true,"href":"https:\/\/circuitolocal.cestaagroecologica.com.br\/index.php\/wp-json\/wp\/v2\/product_brand?post=724"},{"taxonomy":"product_cat","embeddable":true,"href":"https:\/\/circuitolocal.cestaagroecologica.com.br\/index.php\/wp-json\/wp\/v2\/product_cat?post=724"},{"taxonomy":"product_tag","embeddable":true,"href":"https:\/\/circuitolocal.cestaagroecologica.com.br\/index.php\/wp-json\/wp\/v2\/product_tag?post=724"}],"curies":[{"name":"wp","href":"https:\/\/api.w.org\/{rel}","templated":true}]}}